{"id":108,"date":"2021-03-28T14:28:31","date_gmt":"2021-03-28T14:28:31","guid":{"rendered":"https:\/\/lafeminite.vamtam.com\/?page_id=108"},"modified":"2024-12-02T09:53:58","modified_gmt":"2024-12-02T09:53:58","slug":"preguntes-frequents","status":"publish","type":"page","link":"https:\/\/estherbarniol.com\/comunicat\/preguntes-frequents\/","title":{"rendered":"Preguntes freq\u00fcents"},"content":{"rendered":"\t\t<div data-elementor-type=\"wp-page\" data-elementor-id=\"108\" class=\"elementor elementor-108\" data-elementor-post-type=\"page\">\n\t\t\t\t\t\t<section class=\"elementor-section elementor-top-section elementor-element elementor-element-4a44c7d elementor-section-boxed elementor-section-height-default elementor-section-height-default\" data-id=\"4a44c7d\" data-element_type=\"section\" data-settings=\"{&quot;background_background&quot;:&quot;classic&quot;}\">\n\t\t\t\t\t\t<div class=\"elementor-container elementor-column-gap-no\">\n\t\t\t\t\t<div class=\"elementor-column elementor-col-100 elementor-top-column elementor-element elementor-element-1ab964f animated-slow elementor-invisible\" data-id=\"1ab964f\" data-element_type=\"column\" data-settings=\"{&quot;animation&quot;:&quot;fadeIn&quot;,&quot;animation_delay&quot;:100}\">\n\t\t\t<div class=\"elementor-widget-wrap elementor-element-populated\">\n\t\t\t\t\t\t\t<\/div>\n\t\t<\/div>\n\t\t\t\t\t<\/div>\n\t\t<\/section>\n\t\t<div class=\"elementor-element elementor-element-f660062 e-flex e-con-boxed e-con e-parent\" data-id=\"f660062\" data-element_type=\"container\" data-settings=\"{&quot;background_background&quot;:&quot;classic&quot;}\">\n\t\t\t\t\t<div class=\"e-con-inner\">\n\t\t\t\t<div class=\"elementor-element elementor-element-6f79fdb elementor-view-default elementor-invisible elementor-widget elementor-widget-icon\" data-id=\"6f79fdb\" data-element_type=\"widget\" data-settings=\"{&quot;_animation&quot;:&quot;rotateIn&quot;,&quot;_animation_delay&quot;:200}\" data-widget_type=\"icon.default\">\n\t\t\t\t<div class=\"elementor-widget-container\">\n\t\t\t\t\t<div class=\"elementor-icon-wrapper\">\n\t\t\t<div class=\"elementor-icon\">\n\t\t\t<i aria-hidden=\"true\" class=\"vamtamtheme- vamtam-theme-slash\"><\/i>\t\t\t<\/div>\n\t\t<\/div>\n\t\t\t\t<\/div>\n\t\t\t\t<\/div>\n\t\t\t\t<div class=\"elementor-element elementor-element-454f0d8 elementor-widget elementor-widget-image\" data-id=\"454f0d8\" data-element_type=\"widget\" data-widget_type=\"image.default\">\n\t\t\t\t<div class=\"elementor-widget-container\">\n\t\t\t\t\t\t\t\t\t\t\t\t\t<img decoding=\"async\" src=\"https:\/\/estherbarniol.com\/comunicat\/wp-content\/uploads\/2024\/10\/comunicat2025-330.jpg\" title=\"comunicat2025-330\" alt=\"\" loading=\"lazy\" \/>\t\t\t\t\t\t\t\t\t\t\t\t\t<\/div>\n\t\t\t\t<\/div>\n\t\t\t\t\t<\/div>\n\t\t\t\t<\/div>\n\t\t\t\t<section class=\"elementor-section elementor-top-section elementor-element elementor-element-eecc42b elementor-section-boxed elementor-section-height-default elementor-section-height-default\" data-id=\"eecc42b\" data-element_type=\"section\" data-settings=\"{&quot;background_background&quot;:&quot;classic&quot;}\">\n\t\t\t\t\t\t<div class=\"elementor-container elementor-column-gap-no\">\n\t\t\t\t\t<div class=\"elementor-column elementor-col-100 elementor-top-column elementor-element elementor-element-43b809c animated-slow elementor-invisible\" data-id=\"43b809c\" data-element_type=\"column\" data-settings=\"{&quot;animation&quot;:&quot;fadeIn&quot;,&quot;animation_delay&quot;:100}\">\n\t\t\t<div class=\"elementor-widget-wrap elementor-element-populated\">\n\t\t\t\t\t\t<div class=\"elementor-element elementor-element-cd4c994 animated-slow elementor-invisible elementor-widget elementor-widget-heading\" data-id=\"cd4c994\" data-element_type=\"widget\" data-settings=\"{&quot;_animation&quot;:&quot;fadeIn&quot;,&quot;_animation_delay&quot;:100}\" data-widget_type=\"heading.default\">\n\t\t\t\t<div class=\"elementor-widget-container\">\n\t\t\t<h2 class=\"elementor-heading-title elementor-size-default\">\u201c<\/h2>\t\t<\/div>\n\t\t\t\t<\/div>\n\t\t\t\t<div class=\"elementor-element elementor-element-f26c0e4 elementor-blockquote--skin-clean elementor-blockquote--align-center elementor-blockquote--button-color-custom elementor-widget elementor-widget-blockquote\" data-id=\"f26c0e4\" data-element_type=\"widget\" data-widget_type=\"blockquote.default\">\n\t\t\t\t<div class=\"elementor-widget-container\">\n\t\t\t\t\t<blockquote class=\"elementor-blockquote\">\n\t\t\t<p class=\"elementor-blockquote__content\">\n\t\t\t\tUna marca que comunica b\u00e9, <br>\u00e9s una marca que ven!\t\t\t<\/p>\n\t\t\t\t\t<\/blockquote>\n\t\t\t\t<\/div>\n\t\t\t\t<\/div>\n\t\t\t\t<div class=\"elementor-element elementor-element-d40bd87 elementor-align-center elementor-mobile-align-center elementor-widget elementor-widget-button\" data-id=\"d40bd87\" data-element_type=\"widget\" data-widget_type=\"button.default\">\n\t\t\t\t<div class=\"elementor-widget-container\">\n\t\t\t\t\t<div class=\"elementor-button-wrapper\">\n\t\t\t<a class=\"elementor-button elementor-button-link elementor-size-sm\" href=\"https:\/\/buy.stripe.com\/9AQ9B9bFLg84fo414A\" target=\"_blank\">\n\t\t\t\t\t\t<span class=\"elementor-button-content-wrapper\">\n\t\t\t\t\t\t<span class=\"elementor-button-icon\">\n\t\t\t\t<i aria-hidden=\"true\" class=\"vamtamtheme- vamtam-theme-arrow-right\"><\/i>\t\t\t<\/span>\n\t\t\t\t\t\t\t\t\t<span class=\"elementor-button-text\">Vull una pla\u00e7a<\/span>\n\t\t\t\t\t<\/span>\n\t\t\t\t\t<\/a>\n\t\t<\/div>\n\t\t\t\t<\/div>\n\t\t\t\t<\/div>\n\t\t\t\t\t<\/div>\n\t\t<\/div>\n\t\t\t\t\t<\/div>\n\t\t<\/section>\n\t\t<div class=\"elementor-element elementor-element-df2f822 e-con-full e-flex e-con e-parent\" data-id=\"df2f822\" data-element_type=\"container\" data-settings=\"{&quot;background_background&quot;:&quot;classic&quot;}\">\n\t\t<div class=\"elementor-element elementor-element-942eb15 e-con-full e-flex e-con e-child\" data-id=\"942eb15\" data-element_type=\"container\">\n\t\t\t\t<div class=\"elementor-element elementor-element-f8fc925 elementor-widget__width-initial elementor-widget elementor-widget-text-editor\" data-id=\"f8fc925\" data-element_type=\"widget\" data-widget_type=\"text-editor.default\">\n\t\t\t\t<div class=\"elementor-widget-container\">\n\t\t\t\t\t\t\t<h3>On es realitza el Comunica&#8217;t?<\/h3><p><strong>Aquest any per primer cop surto de gira!<\/strong><\/p><p>\u2028Vull arribar arreu del territori per ensenyar-te a Comunicar m\u00e9s i millor. Per\u00f2 tamb\u00e9 per amplificar el missatge i arribar m\u00e9s lluny. Cada una de nosaltres fent petites coses a diferents punts del territori unides per la xarxa del Comunica&#8217;t, t&#8217;imagines on podem arribar?<\/p><p><strong>GIRONA<\/strong><br \/>Crea Arquitectura<\/p><p><strong>BARCELONA<\/strong><br \/>Espai TOCS<\/p><p><strong>DELTA DE L\u2019EBRE<\/strong><br \/>Sa Briseta, L\u2019Ampolla<\/p><p><strong>GIRONELLA<\/strong><br \/>Esther Barniol Estudi<\/p>\t\t\t\t\t\t<\/div>\n\t\t\t\t<\/div>\n\t\t\t\t<\/div>\n\t\t<div class=\"elementor-element elementor-element-aa77674 e-con-full e-flex e-con e-child\" data-id=\"aa77674\" data-element_type=\"container\">\n\t\t\t\t<div class=\"elementor-element elementor-element-46f08ab elementor-widget elementor-widget-image\" data-id=\"46f08ab\" data-element_type=\"widget\" data-widget_type=\"image.default\">\n\t\t\t\t<div class=\"elementor-widget-container\">\n\t\t\t\t\t\t\t\t\t\t\t\t\t<img decoding=\"async\" src=\"https:\/\/estherbarniol.com\/comunicat\/wp-content\/uploads\/elementor\/thumbs\/ED7A3591-qvqsbpwdindlt837s3ulewc949gxg2ylgrd5vsm3e8.jpg\" title=\"ED7A3591\" alt=\"\" loading=\"lazy\" \/>\t\t\t\t\t\t\t\t\t\t\t\t\t<\/div>\n\t\t\t\t<\/div>\n\t\t\t\t<\/div>\n\t\t\t\t<\/div>\n\t\t<div class=\"elementor-element elementor-element-5ae2f02 e-con-full e-flex e-con e-parent\" data-id=\"5ae2f02\" data-element_type=\"container\" data-settings=\"{&quot;background_background&quot;:&quot;classic&quot;}\">\n\t\t\t\t<div class=\"elementor-element elementor-element-90e28d7 elementor-align-right elementor-mobile-align-center elementor-widget__width-initial elementor-widget elementor-widget-button\" data-id=\"90e28d7\" data-element_type=\"widget\" data-widget_type=\"button.default\">\n\t\t\t\t<div class=\"elementor-widget-container\">\n\t\t\t\t\t<div class=\"elementor-button-wrapper\">\n\t\t\t<a class=\"elementor-button elementor-button-link elementor-size-sm\" href=\"https:\/\/buy.stripe.com\/9AQ9B9bFLg84fo414A\" target=\"_blank\">\n\t\t\t\t\t\t<span class=\"elementor-button-content-wrapper\">\n\t\t\t\t\t\t<span class=\"elementor-button-icon\">\n\t\t\t\t<i aria-hidden=\"true\" class=\"vamtamtheme- vamtam-theme-arrow-right\"><\/i>\t\t\t<\/span>\n\t\t\t\t\t\t\t\t\t<span class=\"elementor-button-text\">Vull una pla\u00e7a<\/span>\n\t\t\t\t\t<\/span>\n\t\t\t\t\t<\/a>\n\t\t<\/div>\n\t\t\t\t<\/div>\n\t\t\t\t<\/div>\n\t\t\t\t<div class=\"elementor-element elementor-element-30a4a49 elementor-widget__width-initial elementor-widget elementor-widget-text-editor\" data-id=\"30a4a49\" data-element_type=\"widget\" data-widget_type=\"text-editor.default\">\n\t\t\t\t<div class=\"elementor-widget-container\">\n\t\t\t\t\t\t\t<h3>Vull una pla\u00e7a, com m\u2019apunto?<\/h3><p>Molt f\u00e0cil, et pots apuntar clicant al bot\u00f3 \u00abvull una pla\u00e7a\u00bb et portar\u00e0 directament a la passarel\u00b7la de pagament i all\u00e0 haur\u00e0s de fer la compra.<\/p><p>Et deixar\u00e0 escollir on et vols inscriure, Girona, Barcelona, Delta. Si vols venir a Gironella haur\u00e0s d&#8217;escollir en quin dia de la setmana vols venir, dilluns, dimecres o dissabte.<\/p><p><strong>L&#8217;import abonat fa refer\u00e8ncia al primer 50% del total m\u00e9s impostos. El 50% restant es cobrar\u00e0 a trav\u00e9s de transfer\u00e8ncia banc\u00e0ria durant el mes de gener.<\/strong><\/p>\t\t\t\t\t\t<\/div>\n\t\t\t\t<\/div>\n\t\t\t\t<\/div>\n\t\t<div class=\"elementor-element elementor-element-f8f99f1 e-con-full e-flex e-con e-parent\" data-id=\"f8f99f1\" data-element_type=\"container\">\n\t\t<div class=\"elementor-element elementor-element-68d2f38 e-con-full e-flex e-con e-child\" data-id=\"68d2f38\" data-element_type=\"container\">\n\t\t\t\t<div class=\"elementor-element elementor-element-853ce7a elementor-widget elementor-widget-image\" data-id=\"853ce7a\" data-element_type=\"widget\" data-widget_type=\"image.default\">\n\t\t\t\t<div class=\"elementor-widget-container\">\n\t\t\t\t\t\t\t\t\t\t\t\t\t<img decoding=\"async\" src=\"https:\/\/estherbarniol.com\/comunicat\/wp-content\/uploads\/elementor\/thumbs\/DSC09593-qvqtikdj1s0kkqie91wx1h9njpu21i2xrcf4dwk2q0.jpg\" title=\"DSC09593\" alt=\"\" loading=\"lazy\" \/>\t\t\t\t\t\t\t\t\t\t\t\t\t<\/div>\n\t\t\t\t<\/div>\n\t\t\t\t<\/div>\n\t\t<div class=\"elementor-element elementor-element-fa3d516 e-con-full e-flex e-con e-child\" data-id=\"fa3d516\" data-element_type=\"container\">\n\t\t\t\t<div class=\"elementor-element elementor-element-bce1d59 elementor-widget__width-initial elementor-widget elementor-widget-text-editor\" data-id=\"bce1d59\" data-element_type=\"widget\" data-widget_type=\"text-editor.default\">\n\t\t\t\t<div class=\"elementor-widget-container\">\n\t\t\t\t\t\t\t<h3>Quin preu t\u00e9?<\/h3><p><strong>La inversi\u00f3 del Comunica&#8217;t \u00e9s de 850,00\u202f\u20ac (sense impostos) a pagar en dues quotes de 425\u202f\u20ac. Una en el moment que es realitza la inscripci\u00f3 i l&#8217;altre el gener.\u2028\u2028<\/strong><\/p><p>Per\u00f2 si necessites finan\u00e7ament tenim diferents formes de pagament perqu\u00e8 ning\u00fa es quedi fora. Escriu-me a <a href=\"mailto:estherbarniol@estherbarniol.com\">estherbarniol@estherbarniol.com<\/a> i en parlem.\u00a0<\/p>\t\t\t\t\t\t<\/div>\n\t\t\t\t<\/div>\n\t\t\t\t<\/div>\n\t\t\t\t<\/div>\n\t\t<div class=\"elementor-element elementor-element-51c5ae7 e-con-full e-flex e-con e-parent\" data-id=\"51c5ae7\" data-element_type=\"container\" data-settings=\"{&quot;background_background&quot;:&quot;classic&quot;}\">\n\t\t\t\t<div class=\"elementor-element elementor-element-07a0482 elementor-widget__width-initial elementor-widget elementor-widget-text-editor\" data-id=\"07a0482\" data-element_type=\"widget\" data-widget_type=\"text-editor.default\">\n\t\t\t\t<div class=\"elementor-widget-container\">\n\t\t\t\t\t\t\t<h3>Qu\u00e8 inclou el Comunica\u2019t?<\/h3>\t\t\t\t\t\t<\/div>\n\t\t\t\t<\/div>\n\t\t\t\t<div class=\"elementor-element elementor-element-fb84da2 elementor-widget__width-initial elementor-icon-list--layout-traditional elementor-list-item-link-full_width elementor-widget elementor-widget-icon-list\" data-id=\"fb84da2\" data-element_type=\"widget\" data-widget_type=\"icon-list.default\">\n\t\t\t\t<div class=\"elementor-widget-container\">\n\t\t\t\t\t<ul class=\"elementor-icon-list-items\">\n\t\t\t\t\t\t\t<li class=\"elementor-icon-list-item\">\n\t\t\t\t\t\t\t\t\t\t\t<span class=\"elementor-icon-list-icon\">\n\t\t\t\t\t\t\t<svg aria-hidden=\"true\" class=\"e-font-icon-svg e-fas-check\" viewBox=\"0 0 512 512\" xmlns=\"http:\/\/www.w3.org\/2000\/svg\"><path d=\"M173.898 439.404l-166.4-166.4c-9.997-9.997-9.997-26.206 0-36.204l36.203-36.204c9.997-9.998 26.207-9.998 36.204 0L192 312.69 432.095 72.596c9.997-9.997 26.207-9.997 36.204 0l36.203 36.204c9.997 9.997 9.997 26.206 0 36.204l-294.4 294.401c-9.998 9.997-26.207 9.997-36.204-.001z\"><\/path><\/svg>\t\t\t\t\t\t<\/span>\n\t\t\t\t\t\t\t\t\t\t<span class=\"elementor-icon-list-text\">5 sessions de treball de 4.5 hores presencials amb el teu grup, repartides en els seg\u00fcents mesos: gener, mar\u00e7, maig, setembre i novembre.\u2028\u2028<\/span>\n\t\t\t\t\t\t\t\t\t<\/li>\n\t\t\t\t\t\t\t\t<li class=\"elementor-icon-list-item\">\n\t\t\t\t\t\t\t\t\t\t\t<span class=\"elementor-icon-list-icon\">\n\t\t\t\t\t\t\t<svg aria-hidden=\"true\" class=\"e-font-icon-svg e-fas-check\" viewBox=\"0 0 512 512\" xmlns=\"http:\/\/www.w3.org\/2000\/svg\"><path d=\"M173.898 439.404l-166.4-166.4c-9.997-9.997-9.997-26.206 0-36.204l36.203-36.204c9.997-9.998 26.207-9.998 36.204 0L192 312.69 432.095 72.596c9.997-9.997 26.207-9.997 36.204 0l36.203 36.204c9.997 9.997 9.997 26.206 0 36.204l-294.4 294.401c-9.998 9.997-26.207 9.997-36.204-.001z\"><\/path><\/svg>\t\t\t\t\t\t<\/span>\n\t\t\t\t\t\t\t\t\t\t<span class=\"elementor-icon-list-text\">2 sessions de networking presencial, al juny amb tota la comunitat Comunica't.\u2028\u2028<\/span>\n\t\t\t\t\t\t\t\t\t<\/li>\n\t\t\t\t\t\t\t\t<li class=\"elementor-icon-list-item\">\n\t\t\t\t\t\t\t\t\t\t\t<span class=\"elementor-icon-list-icon\">\n\t\t\t\t\t\t\t<svg aria-hidden=\"true\" class=\"e-font-icon-svg e-fas-check\" viewBox=\"0 0 512 512\" xmlns=\"http:\/\/www.w3.org\/2000\/svg\"><path d=\"M173.898 439.404l-166.4-166.4c-9.997-9.997-9.997-26.206 0-36.204l36.203-36.204c9.997-9.998 26.207-9.998 36.204 0L192 312.69 432.095 72.596c9.997-9.997 26.207-9.997 36.204 0l36.203 36.204c9.997 9.997 9.997 26.206 0 36.204l-294.4 294.401c-9.998 9.997-26.207 9.997-36.204-.001z\"><\/path><\/svg>\t\t\t\t\t\t<\/span>\n\t\t\t\t\t\t\t\t\t\t<span class=\"elementor-icon-list-text\">Fitxes i material de treball dissenyat en exclusiva per cada sessi\u00f3.<\/span>\n\t\t\t\t\t\t\t\t\t<\/li>\n\t\t\t\t\t\t\t\t<li class=\"elementor-icon-list-item\">\n\t\t\t\t\t\t\t\t\t\t\t<span class=\"elementor-icon-list-icon\">\n\t\t\t\t\t\t\t<svg aria-hidden=\"true\" class=\"e-font-icon-svg e-fas-check\" viewBox=\"0 0 512 512\" xmlns=\"http:\/\/www.w3.org\/2000\/svg\"><path d=\"M173.898 439.404l-166.4-166.4c-9.997-9.997-9.997-26.206 0-36.204l36.203-36.204c9.997-9.998 26.207-9.998 36.204 0L192 312.69 432.095 72.596c9.997-9.997 26.207-9.997 36.204 0l36.203 36.204c9.997 9.997 9.997 26.206 0 36.204l-294.4 294.401c-9.998 9.997-26.207 9.997-36.204-.001z\"><\/path><\/svg>\t\t\t\t\t\t<\/span>\n\t\t\t\t\t\t\t\t\t\t<span class=\"elementor-icon-list-text\">Visibilitat del teu projecte a trav\u00e9s del butllet\u00ed i de les converses Connectades al compte IG d'Esther Barniol Estudi.\u2028\u2028<\/span>\n\t\t\t\t\t\t\t\t\t<\/li>\n\t\t\t\t\t\t\t\t<li class=\"elementor-icon-list-item\">\n\t\t\t\t\t\t\t\t\t\t\t<span class=\"elementor-icon-list-icon\">\n\t\t\t\t\t\t\t<svg aria-hidden=\"true\" class=\"e-font-icon-svg e-fas-check\" viewBox=\"0 0 512 512\" xmlns=\"http:\/\/www.w3.org\/2000\/svg\"><path d=\"M173.898 439.404l-166.4-166.4c-9.997-9.997-9.997-26.206 0-36.204l36.203-36.204c9.997-9.998 26.207-9.998 36.204 0L192 312.69 432.095 72.596c9.997-9.997 26.207-9.997 36.204 0l36.203 36.204c9.997 9.997 9.997 26.206 0 36.204l-294.4 294.401c-9.998 9.997-26.207 9.997-36.204-.001z\"><\/path><\/svg>\t\t\t\t\t\t<\/span>\n\t\t\t\t\t\t\t\t\t\t<span class=\"elementor-icon-list-text\">Canal de whatsapp privat perqu\u00e8 puguis estar amb contacte amb el teu grup de treball, inspirar-te i sentir-te sostinguda quan ho necessitis.<\/span>\n\t\t\t\t\t\t\t\t\t<\/li>\n\t\t\t\t\t\t\t\t<li class=\"elementor-icon-list-item\">\n\t\t\t\t\t\t\t\t\t\t\t<span class=\"elementor-icon-list-icon\">\n\t\t\t\t\t\t\t<svg aria-hidden=\"true\" class=\"e-font-icon-svg e-fas-check\" viewBox=\"0 0 512 512\" xmlns=\"http:\/\/www.w3.org\/2000\/svg\"><path d=\"M173.898 439.404l-166.4-166.4c-9.997-9.997-9.997-26.206 0-36.204l36.203-36.204c9.997-9.998 26.207-9.998 36.204 0L192 312.69 432.095 72.596c9.997-9.997 26.207-9.997 36.204 0l36.203 36.204c9.997 9.997 9.997 26.206 0 36.204l-294.4 294.401c-9.998 9.997-26.207 9.997-36.204-.001z\"><\/path><\/svg>\t\t\t\t\t\t<\/span>\n\t\t\t\t\t\t\t\t\t\t<span class=\"elementor-icon-list-text\">Regal de benvinguda perqu\u00e8 des del primer dia et sent\u00eds Comunicadora!<\/span>\n\t\t\t\t\t\t\t\t\t<\/li>\n\t\t\t\t\t\t\t\t<li class=\"elementor-icon-list-item\">\n\t\t\t\t\t\t\t\t\t\t\t<span class=\"elementor-icon-list-icon\">\n\t\t\t\t\t\t\t<svg aria-hidden=\"true\" class=\"e-font-icon-svg e-fas-check\" viewBox=\"0 0 512 512\" xmlns=\"http:\/\/www.w3.org\/2000\/svg\"><path d=\"M173.898 439.404l-166.4-166.4c-9.997-9.997-9.997-26.206 0-36.204l36.203-36.204c9.997-9.998 26.207-9.998 36.204 0L192 312.69 432.095 72.596c9.997-9.997 26.207-9.997 36.204 0l36.203 36.204c9.997 9.997 9.997 26.206 0 36.204l-294.4 294.401c-9.998 9.997-26.207 9.997-36.204-.001z\"><\/path><\/svg>\t\t\t\t\t\t<\/span>\n\t\t\t\t\t\t\t\t\t\t<span class=\"elementor-icon-list-text\">Esmorzar, tes i caf\u00e8s, en cada una de les sessions de treball. Si ets intolerant algun aliment o segueixes algun tipus d'alimentaci\u00f3 en concret nom\u00e9s ho has d'indicar al formulari d'inscripci\u00f3 i o tindre en compte.\u2028\u2028<\/span>\n\t\t\t\t\t\t\t\t\t<\/li>\n\t\t\t\t\t\t\t\t<li class=\"elementor-icon-list-item\">\n\t\t\t\t\t\t\t\t\t\t\t<span class=\"elementor-icon-list-icon\">\n\t\t\t\t\t\t\t<svg aria-hidden=\"true\" class=\"e-font-icon-svg e-fas-check\" viewBox=\"0 0 512 512\" xmlns=\"http:\/\/www.w3.org\/2000\/svg\"><path d=\"M173.898 439.404l-166.4-166.4c-9.997-9.997-9.997-26.206 0-36.204l36.203-36.204c9.997-9.998 26.207-9.998 36.204 0L192 312.69 432.095 72.596c9.997-9.997 26.207-9.997 36.204 0l36.203 36.204c9.997 9.997 9.997 26.206 0 36.204l-294.4 294.401c-9.998 9.997-26.207 9.997-36.204-.001z\"><\/path><\/svg>\t\t\t\t\t\t<\/span>\n\t\t\t\t\t\t\t\t\t\t<span class=\"elementor-icon-list-text\">Connexi\u00f3, motivaci\u00f3, empoderament, energia, diversi\u00f3, inspiraci\u00f3, focus, creixement, ordre, visi\u00f3 de negoci, espai de reflexi\u00f3, xarxa, comprom\u00eds, amistat, organitzaci\u00f3, alegria, motivaci\u00f3, comunitat, tot aix\u00f2 no ho dic jo, ho diuen les participants de set edicions anteriors.<\/span>\n\t\t\t\t\t\t\t\t\t<\/li>\n\t\t\t\t\t\t<\/ul>\n\t\t\t\t<\/div>\n\t\t\t\t<\/div>\n\t\t\t\t<\/div>\n\t\t<div class=\"elementor-element elementor-element-3c46598 e-con-full e-flex e-con e-parent\" data-id=\"3c46598\" data-element_type=\"container\">\n\t\t<div class=\"elementor-element elementor-element-2a14f7f e-con-full e-flex e-con e-child\" data-id=\"2a14f7f\" data-element_type=\"container\">\n\t\t\t\t<div class=\"elementor-element elementor-element-8540071 elementor-widget__width-initial elementor-widget elementor-widget-text-editor\" data-id=\"8540071\" data-element_type=\"widget\" data-widget_type=\"text-editor.default\">\n\t\t\t\t<div class=\"elementor-widget-container\">\n\t\t\t\t\t\t\t<h3>Qu\u00e8 passa si un dia no puc venir?<\/h3><p>Les sessions de treball presencials s\u00f3n molt pr\u00e0ctiques i vivencials, i \u00e9s molt important la participaci\u00f3 del grup. No es graven i tampoc es fan resums per aquelles persones que no hagin pogut assistir.\u2028\u2028<\/p><p>Et recomano que t&#8217;apuntis ve les dates a l&#8217;agenda per tal que no et perdis cap de les sessions de treball amb el teu grup.\u2028\u2028<\/p><p><strong>\u00c9s possible donar-me de baixa en algun moment?<\/strong><\/p><p>Pots decidir deixar de venir a les sessions, per\u00f2 en cap cas es tornar\u00e0 l&#8217;import abonat.<\/p>\t\t\t\t\t\t<\/div>\n\t\t\t\t<\/div>\n\t\t\t\t<\/div>\n\t\t<div class=\"elementor-element elementor-element-b9e167a e-con-full e-flex e-con e-child\" data-id=\"b9e167a\" data-element_type=\"container\">\n\t\t\t\t<div class=\"elementor-element elementor-element-db8fdfe elementor-widget elementor-widget-image\" data-id=\"db8fdfe\" data-element_type=\"widget\" data-widget_type=\"image.default\">\n\t\t\t\t<div class=\"elementor-widget-container\">\n\t\t\t\t\t\t\t\t\t\t\t\t\t<img decoding=\"async\" src=\"https:\/\/estherbarniol.com\/comunicat\/wp-content\/uploads\/elementor\/thumbs\/DSC09613-qvqtvc0lvrgncva60x8kcjm19g051ptbbkfw0akm48.jpg\" title=\"DSC09613\" alt=\"\" loading=\"lazy\" \/>\t\t\t\t\t\t\t\t\t\t\t\t\t<\/div>\n\t\t\t\t<\/div>\n\t\t\t\t<\/div>\n\t\t\t\t<\/div>\n\t\t<div class=\"elementor-element elementor-element-89e68ae e-con-full e-flex e-con e-parent\" data-id=\"89e68ae\" data-element_type=\"container\" data-settings=\"{&quot;background_background&quot;:&quot;classic&quot;}\">\n\t\t<div class=\"elementor-element elementor-element-7d274e0 e-con-full e-flex e-con e-child\" data-id=\"7d274e0\" data-element_type=\"container\">\n\t\t\t\t<div class=\"elementor-element elementor-element-87e3924 elementor-widget__width-initial elementor-widget elementor-widget-text-editor\" data-id=\"87e3924\" data-element_type=\"widget\" data-widget_type=\"text-editor.default\">\n\t\t\t\t<div class=\"elementor-widget-container\">\n\t\t\t\t\t\t\t<h3>He de tenir web o fer temps que tinc el meu projecte en marxa?<\/h3><p><br \/>El Comunica&#8217;t \u00e9s un espai per parar i treballar en el pla de comunicaci\u00f3 del teu projecte. Fer-lo avan\u00e7ar, i fer-lo m\u00e9s visible, sigui quina sigui l&#8217;etapa en qu\u00e8 et trobis.\u2028\u2028<\/p><p>Hi ha projectes que arriben al Comunica&#8217;t sense web i sense xarxes i hi ha projectes que ja tenen una llarga traject\u00f2ria comunicant. Tots els projectes tenen el seu lloc al Comunica&#8217;t.\u00a0<\/p>\t\t\t\t\t\t<\/div>\n\t\t\t\t<\/div>\n\t\t\t\t<\/div>\n\t\t\t\t<\/div>\n\t\t<div class=\"elementor-element elementor-element-8e61f20 e-con-full e-flex e-con e-parent\" data-id=\"8e61f20\" data-element_type=\"container\">\n\t\t<div class=\"elementor-element elementor-element-6169f32 e-con-full e-flex e-con e-child\" data-id=\"6169f32\" data-element_type=\"container\">\n\t\t\t\t<div class=\"elementor-element elementor-element-d983ce9 elementor-widget elementor-widget-image\" data-id=\"d983ce9\" data-element_type=\"widget\" data-widget_type=\"image.default\">\n\t\t\t\t<div class=\"elementor-widget-container\">\n\t\t\t\t\t\t\t\t\t\t\t\t\t<img decoding=\"async\" src=\"https:\/\/estherbarniol.com\/comunicat\/wp-content\/uploads\/elementor\/thumbs\/DSC09530-qvqu91hvjs8r4qpnbf85qox1ikw1kp7kswfmzirwf4.jpg\" title=\"DSC09530\" alt=\"\" loading=\"lazy\" \/>\t\t\t\t\t\t\t\t\t\t\t\t\t<\/div>\n\t\t\t\t<\/div>\n\t\t\t\t<\/div>\n\t\t<div class=\"elementor-element elementor-element-cd41907 e-con-full e-flex e-con e-child\" data-id=\"cd41907\" data-element_type=\"container\">\n\t\t\t\t<div class=\"elementor-element elementor-element-067c2da elementor-widget__width-initial elementor-widget elementor-widget-text-editor\" data-id=\"067c2da\" data-element_type=\"widget\" data-widget_type=\"text-editor.default\">\n\t\t\t\t<div class=\"elementor-widget-container\">\n\t\t\t\t\t\t\t<h3>No saps si el Comunica\u2019t \u00e9s per tu?<\/h3><p><strong>Si t\u2019has llegit tota la informaci\u00f3 recollida en cada una de les p\u00e0gines d\u2019aquesta web<\/strong> i, aix\u00ed i tot, tens dubtes, preguntes concretes o simplement no saps si el\u00a0Comunica\u2019t \u00e9s per tu, estar\u00e9 encantada de tenir una reuni\u00f3 virtual per poder aclarir tot all\u00f2 que necessitis.\u2028\u2028<\/p><p>Si cliques al seg\u00fcent enlla\u00e7 s\u2019obrir\u00e0\u00a0un calendari on podr\u00e0s escollir dia i hora, el cost d\u2019aquesta reuni\u00f3 \u00e9s totalment gratu\u00eft. <strong>L\u2019objectiu \u00e9s que no tinguis cap dubte i que quan cliquis el bot\u00f3 \u00abvull una pla\u00e7a\u00bb ho facis 100% conven\u00e7uda.<\/strong><\/p>\t\t\t\t\t\t<\/div>\n\t\t\t\t<\/div>\n\t\t\t\t<div class=\"elementor-element elementor-element-b10a834 elementor-align-right elementor-mobile-align-center elementor-widget__width-initial elementor-widget elementor-widget-button\" data-id=\"b10a834\" data-element_type=\"widget\" data-widget_type=\"button.default\">\n\t\t\t\t<div class=\"elementor-widget-container\">\n\t\t\t\t\t<div class=\"elementor-button-wrapper\">\n\t\t\t<a class=\"elementor-button elementor-button-link elementor-size-sm\" href=\"https:\/\/calendly.com\/comunicat\/15min\" target=\"_blank\">\n\t\t\t\t\t\t<span class=\"elementor-button-content-wrapper\">\n\t\t\t\t\t\t<span class=\"elementor-button-icon\">\n\t\t\t\t<i aria-hidden=\"true\" class=\"vamtamtheme- vamtam-theme-arrow-right\"><\/i>\t\t\t<\/span>\n\t\t\t\t\t\t\t\t\t<span class=\"elementor-button-text\">Parlem 15 minuts<\/span>\n\t\t\t\t\t<\/span>\n\t\t\t\t\t<\/a>\n\t\t<\/div>\n\t\t\t\t<\/div>\n\t\t\t\t<\/div>\n\t\t\t\t<\/div>\n\t\t\t\t<\/div>\n\t\t<div class=\"elementor-element elementor-element-64cdb0a e-con-full e-flex e-con e-parent\" data-id=\"64cdb0a\" data-element_type=\"container\" data-settings=\"{&quot;background_background&quot;:&quot;classic&quot;}\">\n\t\t<div class=\"elementor-element elementor-element-26a4df5 e-con-full e-flex e-con e-child\" data-id=\"26a4df5\" data-element_type=\"container\">\n\t\t\t\t<div class=\"elementor-element elementor-element-aef86cd elementor-widget__width-initial elementor-widget elementor-widget-text-editor\" data-id=\"aef86cd\" data-element_type=\"widget\" data-widget_type=\"text-editor.default\">\n\t\t\t\t<div class=\"elementor-widget-container\">\n\t\t\t\t\t\t\t<h3>\u00c9s nom\u00e9s per dones?<\/h3><p>El Comunica\u2019t no nom\u00e9s \u00e9s per dones, est\u00e0 pensat per a totes aquelles persones amb projectes, o negocis propis que vulguin posar focus en la comunicaci\u00f3 de la seva marca.<\/p><h3>Perqu\u00e8 parlo en femen\u00ed?<\/h3><p>Perqu\u00e8 la majoria de les clientes de l\u2019estudi i participants del\u00a0Comunica\u2019t s\u00f3n dones, tot i que tamb\u00e9 tenim clients, homes. No tindria cap sentit, almenys per mi, dirigir-m\u2019hi d\u2019una altra manera. Entenc que si durant anys jo m\u2019he sentit identificada i interpel\u00b7lada quan es dirigien a mi en mascul\u00ed ara ells tamb\u00e9 o puguin fer quan em dirigeixo de manera general en la meva comunicaci\u00f3 en femen\u00ed.<\/p>\t\t\t\t\t\t<\/div>\n\t\t\t\t<\/div>\n\t\t\t\t<\/div>\n\t\t<div class=\"elementor-element elementor-element-ceb2b17 e-con-full e-flex e-con e-child\" data-id=\"ceb2b17\" data-element_type=\"container\">\n\t\t\t\t<div class=\"elementor-element elementor-element-e6d0a74 elementor-widget elementor-widget-image\" data-id=\"e6d0a74\" data-element_type=\"widget\" data-widget_type=\"image.default\">\n\t\t\t\t<div class=\"elementor-widget-container\">\n\t\t\t\t\t\t\t\t\t\t\t\t\t<img decoding=\"async\" src=\"https:\/\/estherbarniol.com\/comunicat\/wp-content\/uploads\/elementor\/thumbs\/ED7A3746-qvquhbgpq9knd4otzi0w73q5tq3ecr2hlv8k48i3mo.jpg\" title=\"ED7A3746\" alt=\"\" loading=\"lazy\" \/>\t\t\t\t\t\t\t\t\t\t\t\t\t<\/div>\n\t\t\t\t<\/div>\n\t\t\t\t<\/div>\n\t\t\t\t<\/div>\n\t\t\t\t<\/div>\n\t\t","protected":false},"excerpt":{"rendered":"<p>\u201c Una marca que comunica b\u00e9, \u00e9s una marca que ven! Vull una pla\u00e7a On es realitza el Comunica&#8217;t? Aquest any per primer cop surto de gira! \u2028Vull arribar arreu del territori per ensenyar-te a Comunicar m\u00e9s i millor. Per\u00f2 tamb\u00e9 per amplificar el missatge i arribar m\u00e9s lluny. Cada una de nosaltres fent petites&#8230;<\/p>\n","protected":false},"author":1,"featured_media":987654,"parent":0,"menu_order":0,"comment_status":"closed","ping_status":"closed","template":"","meta":{"footnotes":""},"class_list":["post-108","page","type-page","status-publish","has-post-thumbnail","hentry"],"_links":{"self":[{"href":"https:\/\/estherbarniol.com\/comunicat\/wp-json\/wp\/v2\/pages\/108","targetHints":{"allow":["GET"]}}],"collection":[{"href":"https:\/\/estherbarniol.com\/comunicat\/wp-json\/wp\/v2\/pages"}],"about":[{"href":"https:\/\/estherbarniol.com\/comunicat\/wp-json\/wp\/v2\/types\/page"}],"author":[{"embeddable":true,"href":"https:\/\/estherbarniol.com\/comunicat\/wp-json\/wp\/v2\/users\/1"}],"replies":[{"embeddable":true,"href":"https:\/\/estherbarniol.com\/comunicat\/wp-json\/wp\/v2\/comments?post=108"}],"version-history":[{"count":217,"href":"https:\/\/estherbarniol.com\/comunicat\/wp-json\/wp\/v2\/pages\/108\/revisions"}],"predecessor-version":[{"id":989050,"href":"https:\/\/estherbarniol.com\/comunicat\/wp-json\/wp\/v2\/pages\/108\/revisions\/989050"}],"wp:featuredmedia":[{"embeddable":true,"href":"https:\/\/estherbarniol.com\/comunicat\/wp-json\/wp\/v2\/media\/987654"}],"wp:attachment":[{"href":"https:\/\/estherbarniol.com\/comunicat\/wp-json\/wp\/v2\/media?parent=108"}],"curies":[{"name":"wp","href":"https:\/\/api.w.org\/{rel}","templated":true}]}}