{"id":110,"date":"2021-03-28T14:28:45","date_gmt":"2021-03-28T14:28:45","guid":{"rendered":"https:\/\/lafeminite.vamtam.com\/?page_id=110"},"modified":"2024-11-01T11:09:15","modified_gmt":"2024-11-01T11:09:15","slug":"programa-comunicat-2025","status":"publish","type":"page","link":"https:\/\/estherbarniol.com\/comunicat\/programa-comunicat-2025\/","title":{"rendered":"Programa"},"content":{"rendered":"\t\t<div data-elementor-type=\"wp-page\" data-elementor-id=\"110\" class=\"elementor elementor-110\" data-elementor-post-type=\"page\">\n\t\t\t\t\t\t<section class=\"elementor-section elementor-top-section elementor-element elementor-element-19cf768 elementor-section-boxed elementor-section-height-default elementor-section-height-default\" data-id=\"19cf768\" data-element_type=\"section\" data-settings=\"{&quot;background_background&quot;:&quot;classic&quot;}\">\n\t\t\t\t\t\t<div class=\"elementor-container elementor-column-gap-no\">\n\t\t\t\t\t<div class=\"elementor-column elementor-col-100 elementor-top-column elementor-element elementor-element-d3a0e06 animated-slow elementor-invisible\" data-id=\"d3a0e06\" data-element_type=\"column\" data-settings=\"{&quot;animation&quot;:&quot;fadeIn&quot;,&quot;animation_delay&quot;:100}\">\n\t\t\t<div class=\"elementor-widget-wrap elementor-element-populated\">\n\t\t\t\t\t\t<div class=\"elementor-element elementor-element-8271324 elementor-widget elementor-widget-heading\" data-id=\"8271324\" data-element_type=\"widget\" data-widget_type=\"heading.default\">\n\t\t\t\t<div class=\"elementor-widget-container\">\n\t\t\t<h2 class=\"elementor-heading-title elementor-size-default\">El Comunica't \u00e9s el lloc on es materialitzen les idees.<\/h2>\t\t<\/div>\n\t\t\t\t<\/div>\n\t\t\t\t\t<\/div>\n\t\t<\/div>\n\t\t\t\t\t<\/div>\n\t\t<\/section>\n\t\t<div class=\"elementor-element elementor-element-0422885 e-flex e-con-boxed e-con e-parent\" data-id=\"0422885\" data-element_type=\"container\" data-settings=\"{&quot;background_background&quot;:&quot;classic&quot;}\">\n\t\t\t\t\t<div class=\"e-con-inner\">\n\t\t\t\t<div class=\"elementor-element elementor-element-5deccf9 elementor-view-default elementor-invisible elementor-widget elementor-widget-icon\" data-id=\"5deccf9\" data-element_type=\"widget\" data-settings=\"{&quot;_animation&quot;:&quot;rotateIn&quot;,&quot;_animation_delay&quot;:200}\" data-widget_type=\"icon.default\">\n\t\t\t\t<div class=\"elementor-widget-container\">\n\t\t\t\t\t<div class=\"elementor-icon-wrapper\">\n\t\t\t<div class=\"elementor-icon\">\n\t\t\t<i aria-hidden=\"true\" class=\"vamtamtheme- vamtam-theme-slash\"><\/i>\t\t\t<\/div>\n\t\t<\/div>\n\t\t\t\t<\/div>\n\t\t\t\t<\/div>\n\t\t\t\t<div class=\"elementor-element elementor-element-0c7ab40 elementor-widget elementor-widget-image\" data-id=\"0c7ab40\" data-element_type=\"widget\" data-widget_type=\"image.default\">\n\t\t\t\t<div class=\"elementor-widget-container\">\n\t\t\t\t\t\t\t\t\t\t\t\t\t<img decoding=\"async\" src=\"https:\/\/estherbarniol.com\/comunicat\/wp-content\/uploads\/2024\/10\/O-AQUESTA.jpg\" title=\"O-AQUESTA\" alt=\"\" loading=\"lazy\" \/>\t\t\t\t\t\t\t\t\t\t\t\t\t<\/div>\n\t\t\t\t<\/div>\n\t\t\t\t\t<\/div>\n\t\t\t\t<\/div>\n\t\t<div class=\"elementor-element elementor-element-4004abf e-flex e-con-boxed e-con e-parent\" data-id=\"4004abf\" data-element_type=\"container\">\n\t\t\t\t\t<div class=\"e-con-inner\">\n\t\t\t\t<div class=\"elementor-element elementor-element-6da4794 elementor-widget elementor-widget-text-editor\" data-id=\"6da4794\" data-element_type=\"widget\" data-widget_type=\"text-editor.default\">\n\t\t\t\t<div class=\"elementor-widget-container\">\n\t\t\t\t\t\t\t<h3>El Comunica&#8217;t 2025 se&#8217;n va de gira.<\/h3><p>Aquest any podr\u00e0s fer al Comunica&#8217;t el lloc que quedi m\u00e9s a prop de casa teva.<br \/><strong><span style=\"color: #c63827;\"> GIRONA, BARCELONA, L&#8217;AMPOLLA\u00a0 (el Delta) I GIRONELLA<\/span><\/strong><\/p>\t\t\t\t\t\t<\/div>\n\t\t\t\t<\/div>\n\t\t\t\t<div class=\"elementor-element elementor-element-2578d0e elementor-widget elementor-widget-text-editor\" data-id=\"2578d0e\" data-element_type=\"widget\" data-widget_type=\"text-editor.default\">\n\t\t\t\t<div class=\"elementor-widget-container\">\n\t\t\t\t\t\t\t<p><strong>5 Sessions presencials, amb el teu grup de treball\u00a0<\/strong><br \/><strong>+<\/strong><br \/><strong>2 Sessions de networking amb tota la comunitat Comunica&#8217;t<\/strong><\/p>\t\t\t\t\t\t<\/div>\n\t\t\t\t<\/div>\n\t\t\t\t\t<\/div>\n\t\t\t\t<\/div>\n\t\t<div class=\"elementor-element elementor-element-e535d11 e-con-full e-flex e-con e-parent\" data-id=\"e535d11\" data-element_type=\"container\" data-settings=\"{&quot;background_background&quot;:&quot;classic&quot;}\">\n\t\t\t\t<\/div>\n\t\t<div class=\"elementor-element elementor-element-2fae72c e-flex e-con-boxed e-con e-parent\" data-id=\"2fae72c\" data-element_type=\"container\" data-settings=\"{&quot;background_background&quot;:&quot;classic&quot;}\">\n\t\t\t\t\t<div class=\"e-con-inner\">\n\t\t\t\t<div class=\"elementor-element elementor-element-825c42f elementor-widget__width-initial elementor-widget elementor-widget-text-editor\" data-id=\"825c42f\" data-element_type=\"widget\" data-widget_type=\"text-editor.default\">\n\t\t\t\t<div class=\"elementor-widget-container\">\n\t\t\t\t\t\t\t<p>Totes sabem que has de treballar els teus objectius anuals, trimestrals i mensuals. Que has de tenir una estrat\u00e8gia de comunicaci\u00f3 i que has de ser activa a xarxes, <strong>per\u00f2 mai trobes el temps per posar-t&#8217;hi, tot passa per davant. El dia a dia t&#8217;arrossega i tu tens la sensaci\u00f3 que vas sempre a l&#8217;\u00faltim moment.<\/strong><\/p><p><strong>El Comunica&#8217;t \u00e9s aquest moment, el moment de parar i posar-te a treballar en la teva comunicaci\u00f3.<\/strong> El dia d&#8217;asseure&#8217;t i fer-ho si o si. He creat un espai on puguis treballar i aprofundir en quines s\u00f3n les eines i com utilitzar-les per fer que el teu projecte arribi al teu p\u00fablic.<\/p><p>Ho farem a trav\u00e9s de:<\/p><p><strong>Cinc sessions de treball presencials.<\/strong><\/p><p><strong>Dues sessions de Networking.<\/strong><\/p>\t\t\t\t\t\t<\/div>\n\t\t\t\t<\/div>\n\t\t\t\t\t<\/div>\n\t\t\t\t<\/div>\n\t\t<div class=\"elementor-element elementor-element-185eaf6 e-con-full e-flex e-con e-parent\" data-id=\"185eaf6\" data-element_type=\"container\">\n\t\t<div class=\"elementor-element elementor-element-f7ec45c e-con-full e-flex e-con e-child\" data-id=\"f7ec45c\" data-element_type=\"container\">\n\t\t\t\t<div class=\"elementor-element elementor-element-74ff322 elementor-widget elementor-widget-image\" data-id=\"74ff322\" data-element_type=\"widget\" data-widget_type=\"image.default\">\n\t\t\t\t<div class=\"elementor-widget-container\">\n\t\t\t\t\t\t\t\t\t\t\t\t\t<img decoding=\"async\" src=\"https:\/\/estherbarniol.com\/comunicat\/wp-content\/uploads\/elementor\/thumbs\/ED7A2921-scaled-qvqf2qon1gsdab8qtt1rsoexna7l2b1weeleicrolc.jpg\" title=\"ED7A2921\" alt=\"\" loading=\"lazy\" \/>\t\t\t\t\t\t\t\t\t\t\t\t\t<\/div>\n\t\t\t\t<\/div>\n\t\t\t\t<\/div>\n\t\t<div class=\"elementor-element elementor-element-2b1340b e-con-full e-flex e-con e-child\" data-id=\"2b1340b\" data-element_type=\"container\">\n\t\t\t\t<div class=\"elementor-element elementor-element-8f2d6ec elementor-widget elementor-widget-text-editor\" data-id=\"8f2d6ec\" data-element_type=\"widget\" data-widget_type=\"text-editor.default\">\n\t\t\t\t<div class=\"elementor-widget-container\">\n\t\t\t\t\t\t\t<p>El material que utilitzarem durant les sessions de treball seran fitxes d&#8217;exercicis dissenyades en exclusiva. Perqu\u00e8 d&#8217;aquesta manera puguis aterrar les idees i crear les accions sobre paper.\u2028\u2028<\/p><h4>I no ho far\u00e0s sola,<\/h4><p>a part de la meva guia en la formaci\u00f3 i exercicis, estar\u00e0s acompanyada <strong>d&#8217;un grup de dones que es convertiran en el teu equip<\/strong>. Et podr\u00e0s nodrir del seu punt de vista i de les seves idees.<\/p><p><strong>T&#8217;imagines poder consultar aquells dubtes o inquietuds amb qu\u00e8 cada dia t&#8217;afrontes, amb un grup de dones amb valors molt semblants als teus?\u2028\u2028<\/strong><\/p>\t\t\t\t\t\t<\/div>\n\t\t\t\t<\/div>\n\t\t\t\t<div class=\"elementor-element elementor-element-c05b22a elementor-align-center elementor-mobile-align-center elementor-widget elementor-widget-button\" data-id=\"c05b22a\" data-element_type=\"widget\" data-widget_type=\"button.default\">\n\t\t\t\t<div class=\"elementor-widget-container\">\n\t\t\t\t\t<div class=\"elementor-button-wrapper\">\n\t\t\t<a class=\"elementor-button elementor-button-link elementor-size-sm\" href=\"https:\/\/buy.stripe.com\/9AQ9B9bFLg84fo414A\" target=\"_blank\">\n\t\t\t\t\t\t<span class=\"elementor-button-content-wrapper\">\n\t\t\t\t\t\t<span class=\"elementor-button-icon\">\n\t\t\t\t<i aria-hidden=\"true\" class=\"vamtamtheme- vamtam-theme-arrow-right\"><\/i>\t\t\t<\/span>\n\t\t\t\t\t\t\t\t\t<span class=\"elementor-button-text\">Vull una pla\u00e7a<\/span>\n\t\t\t\t\t<\/span>\n\t\t\t\t\t<\/a>\n\t\t<\/div>\n\t\t\t\t<\/div>\n\t\t\t\t<\/div>\n\t\t\t\t<\/div>\n\t\t\t\t<\/div>\n\t\t<div class=\"elementor-element elementor-element-79c3635 e-con-full e-flex e-con e-parent\" data-id=\"79c3635\" data-element_type=\"container\" data-settings=\"{&quot;background_background&quot;:&quot;classic&quot;}\">\n\t\t<div class=\"elementor-element elementor-element-aaec8da e-con-full e-flex e-con e-child\" data-id=\"aaec8da\" data-element_type=\"container\">\n\t\t\t\t<div class=\"elementor-element elementor-element-c457d0d elementor-widget__width-initial elementor-widget elementor-widget-text-editor\" data-id=\"c457d0d\" data-element_type=\"widget\" data-widget_type=\"text-editor.default\">\n\t\t\t\t<div class=\"elementor-widget-container\">\n\t\t\t\t\t\t\t<p>L&#8217;ess\u00e8ncia del Comunica&#8217;t \u00e9s que et sentis com a casa per aix\u00f2 quan arribis a la sessi\u00f3 de treball presencial t&#8217;esperar\u00e0 un esmorzar bon\u00edssim. Alimentarem la ment, per\u00f2 tamb\u00e9 el cos, perqu\u00e8 no et falti energia en cap moment. Les sessions de treball presencial s\u00f3n intenses per aix\u00f2 \u00e9s important estar nodrides per dins i per fora. L&#8217;hora d&#8217;esmorzar de 9.30 a 10.00. \u00c9s un bon moment per fer networking i crear sinergies entre les companyes.<\/p><p><strong>Una de les coses que em fan sentir m\u00e9s orgullosa, \u00e9s aquesta connexi\u00f3 de punts que es crea dins el Comunica&#8217;t.<\/strong> Marques que col\u00b7laboren amb altres per crear un servei o producte nou, projectes que participen de manera activa en accions de marca d&#8217;altres companyes, grups de marques que creen showrooms o esdeveniments&#8230; , i amistats reals que van molt m\u00e9s enll\u00e0 del Comunica&#8217;t.<\/p>\t\t\t\t\t\t<\/div>\n\t\t\t\t<\/div>\n\t\t\t\t<\/div>\n\t\t\t\t<\/div>\n\t\t<div class=\"elementor-element elementor-element-d1616fc e-con-full e-flex e-con e-parent\" data-id=\"d1616fc\" data-element_type=\"container\" data-settings=\"{&quot;background_background&quot;:&quot;classic&quot;}\">\n\t\t\t\t<div class=\"elementor-element elementor-element-766882b elementor-widget elementor-widget-heading\" data-id=\"766882b\" data-element_type=\"widget\" data-widget_type=\"heading.default\">\n\t\t\t\t<div class=\"elementor-widget-container\">\n\t\t\t<h2 class=\"elementor-heading-title elementor-size-default\">Calendari <font color=\"#C63827\"> 2025<\/font><\/h2>\t\t<\/div>\n\t\t\t\t<\/div>\n\t\t\t\t<div class=\"elementor-element elementor-element-a87011c elementor-widget elementor-widget-text-editor\" data-id=\"a87011c\" data-element_type=\"widget\" data-widget_type=\"text-editor.default\">\n\t\t\t\t<div class=\"elementor-widget-container\">\n\t\t\t\t\t\t\t<p>Sessions de treball <strong>presencial<\/strong> de 9.30h a 14.00h amb el teu grup redu\u00eft de treball.\u00a0<br \/>Dies de <strong>Networking amb tota la comunitat Comunica&#8217;t<\/strong><\/p><p>* A Gironella obrim tres grups, tu esculls a quin venir si dilluns, dimecres o dissabte.<br \/>Durant les cinc sessions sempre vindr\u00e0s el dia que hagis escollit i sempre amb el mateix grup.<\/p>\t\t\t\t\t\t<\/div>\n\t\t\t\t<\/div>\n\t\t\t\t<\/div>\n\t\t<div class=\"elementor-element elementor-element-0f00f07 e-flex e-con-boxed e-con e-parent\" data-id=\"0f00f07\" data-element_type=\"container\">\n\t\t\t\t\t<div class=\"e-con-inner\">\n\t\t<div class=\"elementor-element elementor-element-5a55448 e-con-full e-flex e-con e-child\" data-id=\"5a55448\" data-element_type=\"container\">\n\t\t\t\t<div class=\"elementor-element elementor-element-9654080 elementor-widget elementor-widget-text-editor\" data-id=\"9654080\" data-element_type=\"widget\" data-widget_type=\"text-editor.default\">\n\t\t\t\t<div class=\"elementor-widget-container\">\n\t\t\t\t\t\t\t<h4>GIRONA<\/h4><p>30 Gener \/ Presencial<br \/>20 Mar\u00e7 \/ Presencial<br \/>22 Maig \/ Presencial<br \/>13 de juny \/ Networking<br \/>25 Setembre \/ Presencial<br \/>20 Novembre \/ Presencial<br \/>12 de desembre \/ Networking<\/p>\t\t\t\t\t\t<\/div>\n\t\t\t\t<\/div>\n\t\t\t\t<\/div>\n\t\t<div class=\"elementor-element elementor-element-9746762 e-con-full e-flex e-con e-child\" data-id=\"9746762\" data-element_type=\"container\">\n\t\t\t\t<div class=\"elementor-element elementor-element-2f43caf elementor-widget elementor-widget-text-editor\" data-id=\"2f43caf\" data-element_type=\"widget\" data-widget_type=\"text-editor.default\">\n\t\t\t\t<div class=\"elementor-widget-container\">\n\t\t\t\t\t\t\t<h4>BARCELONA<\/h4><p>24 Gener \/ Presencial<br \/>14 Mar\u00e7 \/ Presencial<br \/>30 Maig \/ Presencial<br \/>13 de juny \/ Networking<br \/>19 Setembre \/ Presencial<br \/>28 Novembre \/ Presencial<br \/>12 de desembre \/ Networking<\/p>\t\t\t\t\t\t<\/div>\n\t\t\t\t<\/div>\n\t\t\t\t<\/div>\n\t\t<div class=\"elementor-element elementor-element-f6e48dc e-con-full e-flex e-con e-child\" data-id=\"f6e48dc\" data-element_type=\"container\">\n\t\t\t\t<div class=\"elementor-element elementor-element-9c7c0a7 elementor-widget elementor-widget-text-editor\" data-id=\"9c7c0a7\" data-element_type=\"widget\" data-widget_type=\"text-editor.default\">\n\t\t\t\t<div class=\"elementor-widget-container\">\n\t\t\t\t\t\t\t<h4>DELTA DE L&#8217;EBRE<\/h4><p>28 Gener \/ Presencial<br \/>18 Mar\u00e7 \/ Presencial<br \/>20 Maig \/ Presencial<br \/>13 de juny \/ Networking<br \/>23 Setembre \/ Presencial<br \/>18 Novembre \/ Presencial<br \/>12 de desembre \/ Networking<\/p>\t\t\t\t\t\t<\/div>\n\t\t\t\t<\/div>\n\t\t\t\t<\/div>\n\t\t<div class=\"elementor-element elementor-element-2d956bb e-con-full e-flex e-con e-child\" data-id=\"2d956bb\" data-element_type=\"container\">\n\t\t\t\t<div class=\"elementor-element elementor-element-8fc21b0 elementor-widget elementor-widget-text-editor\" data-id=\"8fc21b0\" data-element_type=\"widget\" data-widget_type=\"text-editor.default\">\n\t\t\t\t<div class=\"elementor-widget-container\">\n\t\t\t\t\t\t\t<h4>*GIRONELLA <br \/>Dilluns o Dimecres:<\/h4><p>20 \/ 22 Gener \/ Presencial<br \/>10 \/ 12 Mar\u00e7 \/ Presencial<br \/>26 \/ 28 Maig \/ Presencial<br \/>13 de juny \/ Networking<br \/>15 \/ 17 Setembre \/ Presencial<br \/>24 \/ 26 Novembre \/ Presencial<br \/>12 de desembre \/ Networking<\/p>\t\t\t\t\t\t<\/div>\n\t\t\t\t<\/div>\n\t\t\t\t<\/div>\n\t\t<div class=\"elementor-element elementor-element-828a977 e-con-full e-flex e-con e-child\" data-id=\"828a977\" data-element_type=\"container\">\n\t\t\t\t<div class=\"elementor-element elementor-element-4e7ec49 elementor-widget elementor-widget-text-editor\" data-id=\"4e7ec49\" data-element_type=\"widget\" data-widget_type=\"text-editor.default\">\n\t\t\t\t<div class=\"elementor-widget-container\">\n\t\t\t\t\t\t\t<h4>GIRONELLA <br \/>Dissabtes:<\/h4><p>1 Febrer \/ Presencial<br \/>22 Mar\u00e7 \/ Presencial<br \/>24 Maig \/ Presencial<br \/>13 de juny \/ Networking<br \/>27 Setembre \/ Presencial<br \/>22 Novembre \/ Presencial<br \/>12 de desembre \/ Networking<\/p>\t\t\t\t\t\t<\/div>\n\t\t\t\t<\/div>\n\t\t\t\t<\/div>\n\t\t\t\t\t<\/div>\n\t\t\t\t<\/div>\n\t\t<div class=\"elementor-element elementor-element-57e83ce e-con-full e-flex e-con e-parent\" data-id=\"57e83ce\" data-element_type=\"container\" data-settings=\"{&quot;background_background&quot;:&quot;classic&quot;}\">\n\t\t<div class=\"elementor-element elementor-element-f9c8def e-con-full e-flex e-con e-child\" data-id=\"f9c8def\" data-element_type=\"container\">\n\t\t\t\t<div class=\"elementor-element elementor-element-5209f8d elementor-widget elementor-widget-image\" data-id=\"5209f8d\" data-element_type=\"widget\" data-widget_type=\"image.default\">\n\t\t\t\t<div class=\"elementor-widget-container\">\n\t\t\t\t\t\t\t\t\t\t\t\t\t<img decoding=\"async\" src=\"https:\/\/estherbarniol.com\/comunicat\/wp-content\/uploads\/2024\/10\/comunicat2025-515.jpg\" title=\"comunicat2025-515\" alt=\"\" loading=\"lazy\" \/>\t\t\t\t\t\t\t\t\t\t\t\t\t<\/div>\n\t\t\t\t<\/div>\n\t\t\t\t<\/div>\n\t\t<div class=\"elementor-element elementor-element-1a183b6 e-con-full e-flex e-con e-child\" data-id=\"1a183b6\" data-element_type=\"container\">\n\t\t\t\t<div class=\"elementor-element elementor-element-0dc812c elementor-widget__width-initial elementor-widget elementor-widget-text-editor\" data-id=\"0dc812c\" data-element_type=\"widget\" data-widget_type=\"text-editor.default\">\n\t\t\t\t<div class=\"elementor-widget-container\">\n\t\t\t\t\t\t\t<h3>Networking<\/h3><p><strong>Les sessions de\u00a0networking, s\u00f3n m\u00e0giques i molt poderoses!\u2028<\/strong><br \/>Dues sessions presencials a Gironella, una a l&#8217;estiu (juny) i un fi de festa al desembre.<\/p><h4>No et puc explicar el que passa en una sessi\u00f3 de networking, ho has de viure!\u2028\u2028<\/h4><p>Les dues sessions estan pensades per crear contactes entre totes les participants, creant din\u00e0miques que afavoreixin aquesta interacci\u00f3 i aquesta uni\u00f3 de punts que tant ens enriqueixen quan fem xarxa.<\/p>\t\t\t\t\t\t<\/div>\n\t\t\t\t<\/div>\n\t\t\t\t<\/div>\n\t\t\t\t<\/div>\n\t\t<div class=\"elementor-element elementor-element-73fc9c2 e-flex e-con-boxed e-con e-parent\" data-id=\"73fc9c2\" data-element_type=\"container\" data-settings=\"{&quot;background_background&quot;:&quot;classic&quot;}\">\n\t\t\t\t\t<div class=\"e-con-inner\">\n\t\t\t\t<div class=\"elementor-element elementor-element-0aba837 elementor-widget elementor-widget-text-editor\" data-id=\"0aba837\" data-element_type=\"widget\" data-widget_type=\"text-editor.default\">\n\t\t\t\t<div class=\"elementor-widget-container\">\n\t\t\t\t\t\t\t<h3>Qu\u00e8 m\u00e9s t&#8217;emportes?<\/h3><p><strong><br \/>Visibilitat<br \/><\/strong>Visibilitat del teu projecte dins la comunitat d&#8217;Esther Barniol Estudi a trav\u00e9s del butllet\u00ed que s&#8217;envia a 1.500 subscriptors i de les converses Connectades al compte IG que compartim amb m\u00e9s de 5.000 seguidors.<\/p><p><strong>Canal privat de WhatsApp<br \/><\/strong>Cada grup de treball tindr\u00e0 el seu canal de whatsapp privat amb nom\u00e9s les participants del seu grup. Aquest canal vol contribuir a crear xarxa entre les sessions de treball. Vol ser un lloc on trobar inspiraci\u00f3, consultar dubtes o inquietuds entre les companyes.<\/p><p>Cada dia est\u00e0 ple de decisions que has de prendre per fer cr\u00e9ixer i evolucionar el teu projecte i s\u00e9 que davant aquests dubtes la major part de les vegades et sents sola. Aquest ser\u00e0 el mitj\u00e0 per estar en contacte sempre que ho necessitis amb les teves companyes de grup, i aix\u00ed poder recolzar-vos i empoderar-vos les unes de les altres. Aquests grups son or.<\/p><p><strong>Material de treball<br \/><\/strong>En cada sessi\u00f3 s\u2019entregaran fitxes de treball. Perqu\u00e8 puguis aterrar les idees i crear les accions necess\u00e0ries sobre paper perqu\u00e8 et sigui f\u00e0cil i pr\u00e0ctic arribar a casa i comen\u00e7ar a implementar tot all\u00f2 que haguem treballat.<\/p><p><strong>Regal de benvinguda<br \/><\/strong>Deixa que aqu\u00ed no sigui gens concreta, m\u2019agradar\u00e0 sorprendre\u2019t, i fer el primer dia encara m\u00e9s especial.<\/p><p><strong>I que m\u00e9s t&#8217;emportes?<br \/><\/strong>Seguretat, empoderament, focus, guia, planificaci\u00f3, xarxa, acci\u00f3, inspiraci\u00f3, direcci\u00f3, embranzida, idees, i tampoc ho dic jo, ho diuen les dones que han format part de la setena edici\u00f3.<\/p>\t\t\t\t\t\t<\/div>\n\t\t\t\t<\/div>\n\t\t\t\t<div class=\"elementor-element elementor-element-490ddd9 elementor-align-center elementor-mobile-align-center elementor-widget elementor-widget-button\" data-id=\"490ddd9\" data-element_type=\"widget\" data-widget_type=\"button.default\">\n\t\t\t\t<div class=\"elementor-widget-container\">\n\t\t\t\t\t<div class=\"elementor-button-wrapper\">\n\t\t\t<a class=\"elementor-button elementor-button-link elementor-size-sm\" href=\"https:\/\/buy.stripe.com\/9AQ9B9bFLg84fo414A\" target=\"_blank\">\n\t\t\t\t\t\t<span class=\"elementor-button-content-wrapper\">\n\t\t\t\t\t\t<span class=\"elementor-button-icon\">\n\t\t\t\t<i aria-hidden=\"true\" class=\"vamtamtheme- vamtam-theme-arrow-right\"><\/i>\t\t\t<\/span>\n\t\t\t\t\t\t\t\t\t<span class=\"elementor-button-text\">Vull una pla\u00e7a<\/span>\n\t\t\t\t\t<\/span>\n\t\t\t\t\t<\/a>\n\t\t<\/div>\n\t\t\t\t<\/div>\n\t\t\t\t<\/div>\n\t\t\t\t\t<\/div>\n\t\t\t\t<\/div>\n\t\t\t\t<\/div>\n\t\t","protected":false},"excerpt":{"rendered":"<p>El Comunica&#8217;t \u00e9s el lloc on es materialitzen les idees. El Comunica&#8217;t 2025 se&#8217;n va de gira. Aquest any podr\u00e0s fer al Comunica&#8217;t el lloc que quedi m\u00e9s a prop de casa teva. GIRONA, BARCELONA, L&#8217;AMPOLLA\u00a0 (el Delta) I GIRONELLA 5 Sessions presencials, amb el teu grup de treball\u00a0+2 Sessions de networking amb tota la&#8230;<\/p>\n","protected":false},"author":1,"featured_media":987654,"parent":0,"menu_order":0,"comment_status":"closed","ping_status":"closed","template":"","meta":{"footnotes":""},"class_list":["post-110","page","type-page","status-publish","has-post-thumbnail","hentry"],"_links":{"self":[{"href":"https:\/\/estherbarniol.com\/comunicat\/wp-json\/wp\/v2\/pages\/110","targetHints":{"allow":["GET"]}}],"collection":[{"href":"https:\/\/estherbarniol.com\/comunicat\/wp-json\/wp\/v2\/pages"}],"about":[{"href":"https:\/\/estherbarniol.com\/comunicat\/wp-json\/wp\/v2\/types\/page"}],"author":[{"embeddable":true,"href":"https:\/\/estherbarniol.com\/comunicat\/wp-json\/wp\/v2\/users\/1"}],"replies":[{"embeddable":true,"href":"https:\/\/estherbarniol.com\/comunicat\/wp-json\/wp\/v2\/comments?post=110"}],"version-history":[{"count":234,"href":"https:\/\/estherbarniol.com\/comunicat\/wp-json\/wp\/v2\/pages\/110\/revisions"}],"predecessor-version":[{"id":989002,"href":"https:\/\/estherbarniol.com\/comunicat\/wp-json\/wp\/v2\/pages\/110\/revisions\/989002"}],"wp:featuredmedia":[{"embeddable":true,"href":"https:\/\/estherbarniol.com\/comunicat\/wp-json\/wp\/v2\/media\/987654"}],"wp:attachment":[{"href":"https:\/\/estherbarniol.com\/comunicat\/wp-json\/wp\/v2\/media?parent=110"}],"curies":[{"name":"wp","href":"https:\/\/api.w.org\/{rel}","templated":true}]}}