{"id":3,"date":"2021-02-05T14:50:28","date_gmt":"2021-02-05T14:50:28","guid":{"rendered":"https:\/\/lafeminite.vamtam.com\/?page_id=3"},"modified":"2024-10-28T06:31:33","modified_gmt":"2024-10-28T06:31:33","slug":"politica-privacitat","status":"publish","type":"page","link":"https:\/\/estherbarniol.com\/comunicat\/politica-privacitat\/","title":{"rendered":"Pol\u00edtica de privacitat"},"content":{"rendered":"\t\t<div data-elementor-type=\"wp-page\" data-elementor-id=\"3\" class=\"elementor elementor-3\" data-elementor-post-type=\"page\">\n\t\t\t\t\t\t<section class=\"elementor-section elementor-top-section elementor-element elementor-element-391cc43 elementor-section-boxed elementor-section-height-default elementor-section-height-default\" data-id=\"391cc43\" data-element_type=\"section\">\n\t\t\t\t\t\t<div class=\"elementor-container elementor-column-gap-no\">\n\t\t\t\t\t<div class=\"elementor-column elementor-col-100 elementor-top-column elementor-element elementor-element-2a19874 elementor-invisible\" data-id=\"2a19874\" data-element_type=\"column\" data-settings=\"{&quot;animation&quot;:&quot;fadeIn&quot;,&quot;animation_delay&quot;:100}\">\n\t\t\t<div class=\"elementor-widget-wrap elementor-element-populated\">\n\t\t\t\t\t\t\t<\/div>\n\t\t<\/div>\n\t\t\t\t\t<\/div>\n\t\t<\/section>\n\t\t\t\t<section class=\"elementor-section elementor-top-section elementor-element elementor-element-54770020 elementor-section-boxed elementor-section-height-default elementor-section-height-default\" data-id=\"54770020\" data-element_type=\"section\">\n\t\t\t\t\t\t<div class=\"elementor-container elementor-column-gap-no\">\n\t\t\t\t\t<div class=\"elementor-column elementor-col-100 elementor-top-column elementor-element elementor-element-63a4620a\" data-id=\"63a4620a\" data-element_type=\"column\">\n\t\t\t<div class=\"elementor-widget-wrap elementor-element-populated\">\n\t\t\t\t\t\t<div class=\"elementor-element elementor-element-ff90cab elementor-widget elementor-widget-text-editor\" data-id=\"ff90cab\" data-element_type=\"widget\" data-widget_type=\"text-editor.default\">\n\t\t\t\t<div class=\"elementor-widget-container\">\n\t\t\t\t\t\t\t<p>ESTHER BARNIOL CANALS (en endavant el \u201cPrestador\u201d) amb N.I.F. 77737105A, i amb domicili a aquests efectes a la carretera d\u2019Olvan s\/n, Olvan, 08611 Barcelona, Espanya, \u00e9s el titular del lloc web www.estherbarniol.com (en endavant, \u201cel portal o lloc web\u201d), compleix amb les directrius de la normativa vigent en mat\u00e8ria de protecci\u00f3 de dades personals, el Reglament (UE) 2016\/679 de 27 d\u2019abril de 2016 (RGPD), relatiu a la protecci\u00f3 de les persones f\u00edsiques pel que fa al tractament de dades personals i a la lliure circulaci\u00f3 d\u2019aquestes dades.<\/p><p>L\u2019usuari \u00e9s l\u2019\u00fanic responsable de la veracitat i correcci\u00f3 de les dades que remeti al prestador, exonerant a prestador de qualsevol responsabilitat al respecte.<\/p><p>El prestador informa que les dades que l\u2019Usuari volunt\u00e0riament est\u00e0 facilitant seran incorporades als seus sistemes d\u2019informaci\u00f3 amb la finalitat seg\u00fcent:<\/p><ul><li>En el cas de contractaci\u00f3 de bens i\/o serveis mitjan\u00e7ant el lloc web, per mantenir la relaci\u00f3 contractual, aix\u00ed com la gesti\u00f3, administraci\u00f3, informaci\u00f3, prestaci\u00f3 i millora del servei;<\/li><li>En el cas de sol\u00b7licitud d\u2019informaci\u00f3 mitjan\u00e7ant els formularis del lloc web, per enviar informaci\u00f3 sobre la consulta realitzada;<\/li><li>En el cas de subscripci\u00f3, per a remetre butlletins (newsletters), aix\u00ed com comunicacions comercials de promocions i\/o publicitat del lloc web.<\/li><\/ul><p>L\u2019Usuari, pot oposar-se a l\u2019enviament de comunicacions comercials per qualsevol via i en qualsevol moment, remetent un correu electr\u00f2nic a l\u2019adre\u00e7a de correu electr\u00f2nic indicada m\u00e9s endavant.<\/p><p>Mitjan\u00e7ant la introducci\u00f3 de les dades, l\u2019Usuari atorga el consentiment inequ\u00edvoc al prestador, declarant haver estat informat de les condicions sobre protecci\u00f3 de dades de car\u00e0cter personal, acceptant i consentint el tractament automatitzat dels mateixos, perqu\u00e8 procedeixi al tractament de les dades facilitades en pro de les finalitats esmentades. El no facilitar les dades personals sol\u00b7licitades o el no acceptar la present pol\u00edtica de protecci\u00f3 de dades suposa la impossibilitat de subscriure, registrar o rebre informaci\u00f3 dels productes i serveis del prestador.<\/p><p>El prestador informa que no cedir\u00e0 les dades personals a tercers, excepte per obligaci\u00f3 legal. No obstant aix\u00f2, en el cas de ser cedits a algun tercer es produiria una informaci\u00f3 pr\u00e8via sol\u00b7licitant el consentiment expr\u00e9s per tal cessi\u00f3. L\u2019entitat responsable de la base de dades, hosting, aix\u00ed com els que intervinguin en qualsevol fase del tractament i\/o les entitats a qui se\u2019ls hagi comunicat, estan obligades a observar el secret professional i a l\u2019adopci\u00f3 dels nivells de protecci\u00f3 i les mesures t\u00e8cniques i organitzatives necess\u00e0ries al seu abast per garantir la seguretat de les dades de car\u00e0cter personal. Com encarregats de tractament, el prestador t\u00e9 contractats els seg\u00fcents prove\u00efdors de serveis, que s\u2019han comprom\u00e8s al compliment de les disposicions normatives d\u2019aplicaci\u00f3 en mat\u00e8ria de protecci\u00f3 de dades, en el moment de la seva contractaci\u00f3:<\/p><ul><li>Debitoor Espa\u00f1a Cloud Solution S.L., CIF: B65217259, Paseo de la Castellana, 166, Esc. 3, 7\u00ba C, 28046, Madrid, Espanya que proporciona els serveis per gestionar factures i pressupostos. Pol\u00edtica de privacitat i altres aspectes legals d\u2019aquesta companyia en el seg\u00fcent enlla\u00e7: https:\/\/debitoor.es\/privacidad\/politica-de-privacidad<\/li><li>PC IMAGINE, S.C.P., CIF: J64528086, Plaza Santa Maria, 2, 08693 Casserres (Barcelona), que proporciona els serveis d\u2019alojament web (hosting). Pol\u00edtica de privacitat i altres aspectes legals d\u2019aquesta companyia en el seg\u00fcent enlla\u00e7: https:\/\/store.pcimagine.com\/condiciones-generales.php#politica<\/li><li>Mailchimp (The Rocket Science Group LLC d \/ b \/ a MailChimp) domiciliada a 675 Ponce de Leon Ave NE, Suite 5000 Atlanta, GA 30308 USA, ofereix serveis per a campanyes de m\u00e0rqueting. La pol\u00edtica de privacitat i altres aspectes legals d\u2019aquesta empresa en el seg\u00fcent enlla\u00e7: https:\/\/mailchimp.com\/legal\/privacy\/<br \/>Participa i certifica el compliment del marc de l\u2019acord entre els EUA. i la Uni\u00f3 Europea va cridar Privacy Shield, compromesa a presentar tota la informaci\u00f3 personal rebuda dels pa\u00efsos membres de la Uni\u00f3 Europea als principis derivats de Privacy Shield. Adhesi\u00f3 de Google a l\u2019escut de privadesa: https:\/\/www.privacyshield.gov\/participant?id=a2zt0000000TO6hAAG&amp;status=Active<\/li><li>Google LLC, amb domicili a 1600 Amphitheatre Parkway, 94043, Mountain View (Calif\u00f2rnia), Estats Units, que presta els serveis de GSuite, consistents en serveis de computaci\u00f3 en el n\u00favol i de correu electr\u00f2nic. Pol\u00edtica de privacitat i altres aspectes legals d\u2019aquesta companyia en el seg\u00fcent enlla\u00e7: https:\/\/www.google.com\/intl\/es\/policies\/privacy\/<br \/>Google participa i ha certificat el seu compliment amb el marc de l\u2019acord entre EUA i la Uni\u00f3 Europea denominat Privacy Shield, havent-se comprom\u00e8s a sotmetre tota la informaci\u00f3 personal rebuda de pa\u00efsos membres de la Uni\u00f3 Europea als principis derivats de lPrivacy Shield. Adhesi\u00f3 de Google a l\u2019Privacy Shield: https:\/\/www.privacyshield.gov\/participant?id=a2zt000000001L5AAI&amp;status=Active<\/li><\/ul><p>El Prestador garanteix en tot cas a l\u2019Usuari l\u2019exercici dels drets d\u2019acc\u00e9s, rectificaci\u00f3, cancel\u00b7laci\u00f3, informaci\u00f3 i oposici\u00f3, limitaci\u00f3 i portabilitat, en els termes que disposa la legislaci\u00f3 vigent. Per aix\u00f2, podr\u00e0 exercir els seus drets remetent una sol\u00b7licitud expressa a l\u2019adre\u00e7a postal indicada a l\u2019encap\u00e7alament i\/o enviant un correu electr\u00f2nic a estherbarniol@estherbarniol.com, indicant en l\u2019assumpte: Drets ARCO, i adjuntant fotoc\u00f2pia del seu DNI. Al seu torn, l\u2019Usuari, t\u00e9 dret a retirar el consentiment donat en qualsevol moment. La retirada del consentiment no afectar\u00e0 la licitud del tractament efectuat abans de la retirada del consentiment. Tamb\u00e9 t\u00e9 dret a presentar una reclamaci\u00f3 davant l\u2019autoritat de control si considera que poden haver-se vist vulnerats els seus drets en relaci\u00f3 a la protecci\u00f3 de les seves dades davant l\u2019Ag\u00e8ncia Espanyola de Protecci\u00f3 de Dades (AEPD), al carrer Jorge Juan, 6, 28001 -Madrid o mitjan\u00e7ant la seu electr\u00f2nica de l\u2019AEPD: https:\/\/sedeagpd.gob.es\/sede-electronica-web\/.<\/p><p>Les dades facilitades per l\u2019Usuari, es conservaran mentre hi hagi un inter\u00e8s mutu per mantenir la fi del tractament i durant el termini pel qual poguessin deriv\u00e9s responsabilitats legals pels serveis prestats. Quan ja no sigui necessari per a tal fi, es suprimiran amb mesures de seguretat adequades per garantir la seudonimizaci\u00f3 de les dades o destrucci\u00f3 total dels mateixos. El prestador es reserva el dret a modificar la present pol\u00edtica per adaptar-la a novetats legislatives o jurisprudencials.<br \/>L\u2019Usuari, per a qualsevol aspecte relacionat amb aquesta pol\u00edtica de privacitat, pot posar-se en contacte amb el prestador a l\u2019adre\u00e7a de correu electr\u00f2nic: estherbarniol@estherbarniol.com.<\/p>\t\t\t\t\t\t<\/div>\n\t\t\t\t<\/div>\n\t\t\t\t\t<\/div>\n\t\t<\/div>\n\t\t\t\t\t<\/div>\n\t\t<\/section>\n\t\t\t\t<\/div>\n\t\t","protected":false},"excerpt":{"rendered":"<p>ESTHER BARNIOL CANALS (en endavant el \u201cPrestador\u201d) amb N.I.F. 77737105A, i amb domicili a aquests efectes a la carretera d\u2019Olvan s\/n, Olvan, 08611 Barcelona, Espanya, \u00e9s el titular del lloc web www.estherbarniol.com (en endavant, \u201cel portal o lloc web\u201d), compleix amb les directrius de la normativa vigent en mat\u00e8ria de protecci\u00f3 de dades personals, el&#8230;<\/p>\n","protected":false},"author":1,"featured_media":987654,"parent":0,"menu_order":0,"comment_status":"closed","ping_status":"closed","template":"","meta":{"footnotes":""},"class_list":["post-3","page","type-page","status-publish","has-post-thumbnail","hentry"],"_links":{"self":[{"href":"https:\/\/estherbarniol.com\/comunicat\/wp-json\/wp\/v2\/pages\/3","targetHints":{"allow":["GET"]}}],"collection":[{"href":"https:\/\/estherbarniol.com\/comunicat\/wp-json\/wp\/v2\/pages"}],"about":[{"href":"https:\/\/estherbarniol.com\/comunicat\/wp-json\/wp\/v2\/types\/page"}],"author":[{"embeddable":true,"href":"https:\/\/estherbarniol.com\/comunicat\/wp-json\/wp\/v2\/users\/1"}],"replies":[{"embeddable":true,"href":"https:\/\/estherbarniol.com\/comunicat\/wp-json\/wp\/v2\/comments?post=3"}],"version-history":[{"count":7,"href":"https:\/\/estherbarniol.com\/comunicat\/wp-json\/wp\/v2\/pages\/3\/revisions"}],"predecessor-version":[{"id":988652,"href":"https:\/\/estherbarniol.com\/comunicat\/wp-json\/wp\/v2\/pages\/3\/revisions\/988652"}],"wp:featuredmedia":[{"embeddable":true,"href":"https:\/\/estherbarniol.com\/comunicat\/wp-json\/wp\/v2\/media\/987654"}],"wp:attachment":[{"href":"https:\/\/estherbarniol.com\/comunicat\/wp-json\/wp\/v2\/media?parent=3"}],"curies":[{"name":"wp","href":"https:\/\/api.w.org\/{rel}","templated":true}]}}