{"id":886,"date":"2021-04-12T08:13:06","date_gmt":"2021-04-12T08:13:06","guid":{"rendered":"https:\/\/lafeminite.vamtam.com\/?page_id=886"},"modified":"2024-11-01T11:36:52","modified_gmt":"2024-11-01T11:36:52","slug":"qui-es-esther-barniol","status":"publish","type":"page","link":"https:\/\/estherbarniol.com\/comunicat\/qui-es-esther-barniol\/","title":{"rendered":"Qui soc"},"content":{"rendered":"\t\t<div data-elementor-type=\"wp-page\" data-elementor-id=\"886\" class=\"elementor elementor-886\" data-elementor-post-type=\"page\">\n\t\t\t\t\t\t<section class=\"elementor-section elementor-top-section elementor-element elementor-element-7a6c1fd elementor-section-boxed elementor-section-height-default elementor-section-height-default\" data-id=\"7a6c1fd\" data-element_type=\"section\" data-settings=\"{&quot;background_background&quot;:&quot;classic&quot;}\">\n\t\t\t\t\t\t<div class=\"elementor-container elementor-column-gap-no\">\n\t\t\t\t\t<div class=\"elementor-column elementor-col-100 elementor-top-column elementor-element elementor-element-aada304 animated-slow elementor-invisible\" data-id=\"aada304\" data-element_type=\"column\" data-settings=\"{&quot;animation&quot;:&quot;fadeIn&quot;,&quot;animation_delay&quot;:100}\">\n\t\t\t<div class=\"elementor-widget-wrap elementor-element-populated\">\n\t\t\t\t\t\t<div class=\"elementor-element elementor-element-5754534 elementor-widget elementor-widget-heading\" data-id=\"5754534\" data-element_type=\"widget\" data-widget_type=\"heading.default\">\n\t\t\t\t<div class=\"elementor-widget-container\">\n\t\t\t<h2 class=\"elementor-heading-title elementor-size-default\">hola!<\/h2>\t\t<\/div>\n\t\t\t\t<\/div>\n\t\t\t\t<div class=\"elementor-element elementor-element-74f0474 elementor-widget elementor-widget-heading\" data-id=\"74f0474\" data-element_type=\"widget\" data-widget_type=\"heading.default\">\n\t\t\t\t<div class=\"elementor-widget-container\">\n\t\t\t<h1 class=\"elementor-heading-title elementor-size-default\">Soc Esther amb h<\/h1>\t\t<\/div>\n\t\t\t\t<\/div>\n\t\t\t\t<div class=\"elementor-element elementor-element-5b8fff5 elementor-widget elementor-widget-heading\" data-id=\"5b8fff5\" data-element_type=\"widget\" data-widget_type=\"heading.default\">\n\t\t\t\t<div class=\"elementor-widget-container\">\n\t\t\t<h2 class=\"elementor-heading-title elementor-size-default\">La cara visible de l'estudi de disseny que porta el meu nom, Esther Barniol Estudi.\u2028<\/h2>\t\t<\/div>\n\t\t\t\t<\/div>\n\t\t\t\t<div class=\"elementor-element elementor-element-93aa837 elementor-widget__width-initial elementor-widget elementor-widget-text-editor\" data-id=\"93aa837\" data-element_type=\"widget\" data-widget_type=\"text-editor.default\">\n\t\t\t\t<div class=\"elementor-widget-container\">\n\t\t\t\t\t\t\t<p>El dia d&#8217;avui tinc un equip de dones creatives que treballem per a dones valentes i compromeses amb el seu projecte, per\u00f2 no sempre ha estat aix\u00ed.<\/p><p>Al llarg d&#8217;aquests m\u00e9s de vint anys al capdavant del meu propi negoci, hi ha hagut \u00e8poques en qu\u00e8 m&#8217;he sentit sola.<\/p><p>M&#8217;ha faltat suport i sentir-me acompanyada, d&#8217;aqu\u00ed la meva obsessi\u00f3 a buscar i crear espais d&#8217;uni\u00f3 per cr\u00e9ixer i evolucionar juntes.\u2028\u2028<\/p>\t\t\t\t\t\t<\/div>\n\t\t\t\t<\/div>\n\t\t\t\t\t<\/div>\n\t\t<\/div>\n\t\t\t\t\t<\/div>\n\t\t<\/section>\n\t\t<div class=\"elementor-element elementor-element-e3615c9 e-flex e-con-boxed e-con e-parent\" data-id=\"e3615c9\" data-element_type=\"container\" data-settings=\"{&quot;background_background&quot;:&quot;classic&quot;}\">\n\t\t\t\t\t<div class=\"e-con-inner\">\n\t\t\t\t<div class=\"elementor-element elementor-element-ccc2b50 elementor-view-default elementor-invisible elementor-widget elementor-widget-icon\" data-id=\"ccc2b50\" data-element_type=\"widget\" data-settings=\"{&quot;_animation&quot;:&quot;rotateIn&quot;,&quot;_animation_delay&quot;:200}\" data-widget_type=\"icon.default\">\n\t\t\t\t<div class=\"elementor-widget-container\">\n\t\t\t\t\t<div class=\"elementor-icon-wrapper\">\n\t\t\t<div class=\"elementor-icon\">\n\t\t\t<i aria-hidden=\"true\" class=\"vamtamtheme- vamtam-theme-slash\"><\/i>\t\t\t<\/div>\n\t\t<\/div>\n\t\t\t\t<\/div>\n\t\t\t\t<\/div>\n\t\t\t\t\t<\/div>\n\t\t\t\t<\/div>\n\t\t\t\t<section class=\"elementor-section elementor-top-section elementor-element elementor-element-7b4c72c elementor-reverse-mobile elementor-section-full_width elementor-section-height-min-height elementor-section-height-default elementor-section-items-middle\" data-id=\"7b4c72c\" data-element_type=\"section\" data-settings=\"{&quot;background_background&quot;:&quot;classic&quot;}\">\n\t\t\t\t\t\t<div class=\"elementor-container elementor-column-gap-no\">\n\t\t\t\t\t<div class=\"elementor-column elementor-col-100 elementor-top-column elementor-element elementor-element-61482bb\" data-id=\"61482bb\" data-element_type=\"column\">\n\t\t\t<div class=\"elementor-widget-wrap\">\n\t\t\t\t\t\t\t<\/div>\n\t\t<\/div>\n\t\t\t\t\t<\/div>\n\t\t<\/section>\n\t\t\t\t<section class=\"elementor-section elementor-top-section elementor-element elementor-element-7386cb7 elementor-section-boxed elementor-section-height-default elementor-section-height-default\" data-id=\"7386cb7\" data-element_type=\"section\">\n\t\t\t\t\t\t<div class=\"elementor-container elementor-column-gap-no\">\n\t\t\t\t\t<div class=\"elementor-column elementor-col-50 elementor-top-column elementor-element elementor-element-ecfcceb\" data-id=\"ecfcceb\" data-element_type=\"column\">\n\t\t\t<div class=\"elementor-widget-wrap elementor-element-populated\">\n\t\t\t\t\t\t<div class=\"elementor-element elementor-element-24ef0f1 elementor-widget elementor-widget-video\" data-id=\"24ef0f1\" data-element_type=\"widget\" data-settings=\"{&quot;video_type&quot;:&quot;vimeo&quot;}\" data-widget_type=\"video.default\">\n\t\t\t\t<div class=\"elementor-widget-container\">\n\t\t\t\t\t<div class=\"elementor-wrapper elementor-open-inline\">\n\t\t\t<iframe class=\"elementor-video-iframe\" allowfullscreen allow=\"clipboard-write\" title=\"Reproductor de v\u00eddeo vimeo\" src=\"https:\/\/player.vimeo.com\/video\/1023579147?color&amp;autopause=0&amp;loop=0&amp;muted=0&amp;title=0&amp;portrait=1&amp;byline=0#t=\"><\/iframe>\t\t<\/div>\n\t\t\t\t<\/div>\n\t\t\t\t<\/div>\n\t\t\t\t\t<\/div>\n\t\t<\/div>\n\t\t\t\t<div class=\"elementor-column elementor-col-50 elementor-top-column elementor-element elementor-element-02b03d3 elementor-invisible\" data-id=\"02b03d3\" data-element_type=\"column\" data-settings=\"{&quot;animation&quot;:&quot;fadeIn&quot;}\">\n\t\t\t<div class=\"elementor-widget-wrap elementor-element-populated\">\n\t\t\t\t\t\t<div class=\"elementor-element elementor-element-4e02450 elementor-widget elementor-widget-text-editor\" data-id=\"4e02450\" data-element_type=\"widget\" data-widget_type=\"text-editor.default\">\n\t\t\t\t<div class=\"elementor-widget-container\">\n\t\t\t\t\t\t\t<p>El Comunica&#8217;t va n\u00e9ixer d&#8217;aquesta recerca per aportar m\u00e9s i millor als clients que confien en l&#8217;estudi.\u2028\u2028<\/p><p>Durant algun temps vaig estar observant que moltes de les clientes de l&#8217;estudi invert\u00edeu diners i esfor\u00e7os en la creaci\u00f3 d&#8217;una web i amb el disseny de la imatge de marca, per\u00f2 un cop la nostra feina s&#8217;acabava, moltes no tornaven a publicar mai m\u00e9s al blog, no enviaven cap newsletter o fins i tot els costava publicar a xarxes.\u2028\u2028<\/p><p>El Comunica&#8217;t va n\u00e9ixer amb la intenci\u00f3, d&#8217;ajudar a aquestes clientes que es trobaven perdudes a l&#8217;hora de comunicar al m\u00f3n qu\u00e8 feien, com ho feien i per a qui ho feien.<\/p><p>A part de l&#8217;aprenentatge de la meva pr\u00f2pia experi\u00e8ncia, des de l&#8217;estudi he acompanyat a m\u00e9s de 400 dones a impulsar i fer cr\u00e9ixer els seus projectes.\u2028\u2028<\/p><p>La meva missi\u00f3 \u00e9s fer de guia i br\u00faixola a trav\u00e9s de diferents programes i mentories individualitzades. La meva obsessi\u00f3 \u00e9s crear espais d&#8217;uni\u00f3 com el Comunita&#8217;t per teixir xarxa i cr\u00e9ixer personalment i professionalment juntes.<\/p>\t\t\t\t\t\t<\/div>\n\t\t\t\t<\/div>\n\t\t\t\t<div class=\"elementor-element elementor-element-d166e31 elementor-align-center elementor-mobile-align-center elementor-widget elementor-widget-button\" data-id=\"d166e31\" data-element_type=\"widget\" data-widget_type=\"button.default\">\n\t\t\t\t<div class=\"elementor-widget-container\">\n\t\t\t\t\t<div class=\"elementor-button-wrapper\">\n\t\t\t<a class=\"elementor-button elementor-button-link elementor-size-sm\" href=\"https:\/\/estherbarniol.com\/comunicat\/programa-comunicat-2025\/\">\n\t\t\t\t\t\t<span class=\"elementor-button-content-wrapper\">\n\t\t\t\t\t\t<span class=\"elementor-button-icon\">\n\t\t\t\t<i aria-hidden=\"true\" class=\"vamtamtheme- vamtam-theme-arrow-right\"><\/i>\t\t\t<\/span>\n\t\t\t\t\t\t\t\t\t<span class=\"elementor-button-text\">Programa 2025<\/span>\n\t\t\t\t\t<\/span>\n\t\t\t\t\t<\/a>\n\t\t<\/div>\n\t\t\t\t<\/div>\n\t\t\t\t<\/div>\n\t\t\t\t\t<\/div>\n\t\t<\/div>\n\t\t\t\t\t<\/div>\n\t\t<\/section>\n\t\t\t\t<section class=\"elementor-section elementor-top-section elementor-element elementor-element-ec77f3d elementor-section-boxed elementor-section-height-default elementor-section-height-default\" data-id=\"ec77f3d\" data-element_type=\"section\">\n\t\t\t\t\t\t<div class=\"elementor-container elementor-column-gap-no\">\n\t\t\t\t\t<div class=\"elementor-column elementor-col-100 elementor-top-column elementor-element elementor-element-ed83675\" data-id=\"ed83675\" data-element_type=\"column\">\n\t\t\t<div class=\"elementor-widget-wrap elementor-element-populated\">\n\t\t\t\t\t\t<div class=\"elementor-element elementor-element-c5e17f8 elementor-widget elementor-widget-heading\" data-id=\"c5e17f8\" data-element_type=\"widget\" data-widget_type=\"heading.default\">\n\t\t\t\t<div class=\"elementor-widget-container\">\n\t\t\t<h2 class=\"elementor-heading-title elementor-size-default\">\u201c<\/h2>\t\t<\/div>\n\t\t\t\t<\/div>\n\t\t\t\t\t<\/div>\n\t\t<\/div>\n\t\t\t\t\t<\/div>\n\t\t<\/section>\n\t\t\t\t<section class=\"elementor-section elementor-top-section elementor-element elementor-element-0f3bfd6 elementor-section-boxed elementor-section-height-default elementor-section-height-default\" data-id=\"0f3bfd6\" data-element_type=\"section\" data-settings=\"{&quot;background_background&quot;:&quot;classic&quot;}\">\n\t\t\t\t\t\t<div class=\"elementor-container elementor-column-gap-no\">\n\t\t\t\t\t<div class=\"elementor-column elementor-col-100 elementor-top-column elementor-element elementor-element-161dfb4 animated-slow elementor-invisible\" data-id=\"161dfb4\" data-element_type=\"column\" data-settings=\"{&quot;animation&quot;:&quot;fadeIn&quot;}\">\n\t\t\t<div class=\"elementor-widget-wrap elementor-element-populated\">\n\t\t\t\t\t\t<div class=\"elementor-element elementor-element-6bc0dee elementor-blockquote--skin-clean elementor-blockquote--align-center elementor-blockquote--button-color-custom elementor-widget elementor-widget-blockquote\" data-id=\"6bc0dee\" data-element_type=\"widget\" data-widget_type=\"blockquote.default\">\n\t\t\t\t<div class=\"elementor-widget-container\">\n\t\t\t\t\t<blockquote class=\"elementor-blockquote\">\n\t\t\t<p class=\"elementor-blockquote__content\">\n\t\t\t\t\u201cLa meva obsessi\u00f3 \u00e9s crear espais d'uni\u00f3 com el Comunica't, per teixir xarxa i cr\u00e9ixer personalment i professionalment juntes.\u201d\t\t\t<\/p>\n\t\t\t\t\t<\/blockquote>\n\t\t\t\t<\/div>\n\t\t\t\t<\/div>\n\t\t\t\t\t<\/div>\n\t\t<\/div>\n\t\t\t\t\t<\/div>\n\t\t<\/section>\n\t\t\t\t<\/div>\n\t\t","protected":false},"excerpt":{"rendered":"<p>hola! Soc Esther amb h La cara visible de l&#8217;estudi de disseny que porta el meu nom, Esther Barniol Estudi.\u2028 El dia d&#8217;avui tinc un equip de dones creatives que treballem per a dones valentes i compromeses amb el seu projecte, per\u00f2 no sempre ha estat aix\u00ed. Al llarg d&#8217;aquests m\u00e9s de vint anys al&#8230;<\/p>\n","protected":false},"author":1,"featured_media":987654,"parent":0,"menu_order":0,"comment_status":"closed","ping_status":"closed","template":"","meta":{"footnotes":""},"class_list":["post-886","page","type-page","status-publish","has-post-thumbnail","hentry"],"_links":{"self":[{"href":"https:\/\/estherbarniol.com\/comunicat\/wp-json\/wp\/v2\/pages\/886","targetHints":{"allow":["GET"]}}],"collection":[{"href":"https:\/\/estherbarniol.com\/comunicat\/wp-json\/wp\/v2\/pages"}],"about":[{"href":"https:\/\/estherbarniol.com\/comunicat\/wp-json\/wp\/v2\/types\/page"}],"author":[{"embeddable":true,"href":"https:\/\/estherbarniol.com\/comunicat\/wp-json\/wp\/v2\/users\/1"}],"replies":[{"embeddable":true,"href":"https:\/\/estherbarniol.com\/comunicat\/wp-json\/wp\/v2\/comments?post=886"}],"version-history":[{"count":57,"href":"https:\/\/estherbarniol.com\/comunicat\/wp-json\/wp\/v2\/pages\/886\/revisions"}],"predecessor-version":[{"id":989040,"href":"https:\/\/estherbarniol.com\/comunicat\/wp-json\/wp\/v2\/pages\/886\/revisions\/989040"}],"wp:featuredmedia":[{"embeddable":true,"href":"https:\/\/estherbarniol.com\/comunicat\/wp-json\/wp\/v2\/media\/987654"}],"wp:attachment":[{"href":"https:\/\/estherbarniol.com\/comunicat\/wp-json\/wp\/v2\/media?parent=886"}],"curies":[{"name":"wp","href":"https:\/\/api.w.org\/{rel}","templated":true}]}}